{"id":2940,"date":"2024-01-23T09:10:24","date_gmt":"2024-01-23T08:10:24","guid":{"rendered":"https:\/\/tablaoflamencoalma.com\/?page_id=2940"},"modified":"2024-02-19T20:46:32","modified_gmt":"2024-02-19T19:46:32","slug":"politica-privacidad","status":"publish","type":"page","link":"https:\/\/tablaoflamencoalma.com\/fr\/politica-privacidad\/","title":{"rendered":"Politique de confidentialit\u00e9"},"content":{"rendered":"<div data-elementor-type=\"wp-page\" data-elementor-id=\"2940\" class=\"elementor elementor-2940\" data-elementor-post-type=\"page\">\n\t\t\t\t<div class=\"elementor-element elementor-element-93263f3 e-flex e-con-boxed e-con e-parent\" data-id=\"93263f3\" data-element_type=\"container\" data-e-type=\"container\" data-settings=\"{&quot;background_background&quot;:&quot;classic&quot;}\">\n\t\t\t\t\t<div class=\"e-con-inner\">\n\t\t<div class=\"elementor-element elementor-element-6c32ff7 e-con-full e-flex e-con e-child\" data-id=\"6c32ff7\" data-element_type=\"container\" data-e-type=\"container\" data-settings=\"{&quot;background_background&quot;:&quot;classic&quot;}\">\n\t\t\t\t<div class=\"elementor-element elementor-element-888fcee elementor-widget elementor-widget-heading\" data-id=\"888fcee\" data-element_type=\"widget\" data-e-type=\"widget\" data-widget_type=\"heading.default\">\n\t\t\t\t<div class=\"elementor-widget-container\">\n\t\t\t\t\t<h1 class=\"elementor-heading-title elementor-size-default\">Politique de confidentialit\u00e9<\/h1>\t\t\t\t<\/div>\n\t\t\t\t<\/div>\n\t\t\t\t<\/div>\n\t\t\t\t\t<\/div>\n\t\t\t\t<\/div>\n\t\t<div class=\"elementor-element elementor-element-fee42f2 e-flex e-con-boxed e-con e-parent\" data-id=\"fee42f2\" data-element_type=\"container\" data-e-type=\"container\">\n\t\t\t\t\t<div class=\"e-con-inner\">\n\t\t<div class=\"elementor-element elementor-element-6ecdfd1 e-flex e-con-boxed e-con e-child\" data-id=\"6ecdfd1\" data-element_type=\"container\" data-e-type=\"container\">\n\t\t\t\t\t<div class=\"e-con-inner\">\n\t\t\t\t<div class=\"elementor-element elementor-element-eb4e36f elementor-widget elementor-widget-spacer\" data-id=\"eb4e36f\" data-element_type=\"widget\" data-e-type=\"widget\" data-widget_type=\"spacer.default\">\n\t\t\t\t<div class=\"elementor-widget-container\">\n\t\t\t\t\t\t\t<div class=\"elementor-spacer\">\n\t\t\t<div class=\"elementor-spacer-inner\"><\/div>\n\t\t<\/div>\n\t\t\t\t\t\t<\/div>\n\t\t\t\t<\/div>\n\t\t\t\t\t<\/div>\n\t\t\t\t<\/div>\n\t\t<div class=\"elementor-element elementor-element-ac3a2cf e-flex e-con-boxed e-con e-child\" data-id=\"ac3a2cf\" data-element_type=\"container\" data-e-type=\"container\">\n\t\t\t\t\t<div class=\"e-con-inner\">\n\t\t\t\t<div class=\"elementor-element elementor-element-742660f elementor-widget elementor-widget-heading\" data-id=\"742660f\" data-element_type=\"widget\" data-e-type=\"widget\" data-widget_type=\"heading.default\">\n\t\t\t\t<div class=\"elementor-widget-container\">\n\t\t\t\t\t<h2 class=\"elementor-heading-title elementor-size-default\">Politique de confidentialit\u00e9<\/h2>\t\t\t\t<\/div>\n\t\t\t\t<\/div>\n\t\t\t\t<div class=\"elementor-element elementor-element-155a4f1 elementor-widget elementor-widget-text-editor\" data-id=\"155a4f1\" data-element_type=\"widget\" data-e-type=\"widget\" data-widget_type=\"text-editor.default\">\n\t\t\t\t<div class=\"elementor-widget-container\">\n\t\t\t\t\t\t\t\t\t<p>Conform\u00e9ment aux dispositions de la loi organique n\u00b0 15\/1999 du 13 d\u00e9cembre relative \u00e0 la protection des donn\u00e9es \u00e0 caract\u00e8re personnel, <span style=\"font-family: Poppins, sans-serif;\">Tablao flamenco Alma<\/span>&nbsp;S.L. (ci-apr\u00e8s d\u00e9nomm\u00e9e \u201c Tablao Flamenco Alma \u201d) vous informe que :<\/p>\t\t\t\t\t\t\t\t<\/div>\n\t\t\t\t<\/div>\n\t\t\t\t<div class=\"elementor-element elementor-element-c595b09 elementor-widget elementor-widget-text-editor\" data-id=\"c595b09\" data-element_type=\"widget\" data-e-type=\"widget\" data-widget_type=\"text-editor.default\">\n\t\t\t\t<div class=\"elementor-widget-container\">\n\t\t\t\t\t\t\t\t\t<ol><li><span style=\"color: #000000;\">Les donn\u00e9es personnelles que vous fournissez via le pr\u00e9sent site web, propri\u00e9t\u00e9 de Tablao Flamenco Alma, seront int\u00e9gr\u00e9es aux fichiers appartenant \u00e0 Tablao Flamenco Alma, d\u00fbment inscrits au Registre g\u00e9n\u00e9ral de la protection des donn\u00e9es.\u00a0<\/span><\/li><li><span style=\"color: #000000;\">Ces fichiers ont pour objectif de g\u00e9rer les demandes formul\u00e9es par les utilisateurs et de leur proposer les services du Tablao Flamenco Alma \u00e0 Palma de Majorque.<\/span><\/li><li><span style=\"color: #000000;\">De m\u00eame, Tablao Flamenco Alma traitera les donn\u00e9es afin de g\u00e9rer les demandes re\u00e7ues via le site web de la part des utilisateurs de celui-ci, et leur envoyer, par diff\u00e9rents moyens, des communications publicitaires et des informations commerciales concernant l'entreprise, ses activit\u00e9s, ses concours, ses produits, ses services, ses offres, ses promotions sp\u00e9ciales, ainsi que des documents de nature vari\u00e9e et provenant de diff\u00e9rentes sources d'information commerciale de l'entreprise.<\/span><\/li><li><span style=\"color: #000000;\">Lorsque les donn\u00e9es \u00e0 caract\u00e8re personnel sont collect\u00e9es via un formulaire, vous devrez fournir au moins celles marqu\u00e9es d'un ast\u00e9risque ; en effet, si ces donn\u00e9es jug\u00e9es n\u00e9cessaires ne sont pas fournies, Tablao Flamenco Alma ne pourra pas accepter ni traiter la demande relative au service Web ou \u00e0 la consultation formul\u00e9e.<\/span><\/li><li><span style=\"color: #000000;\">Pour exercer vos droits d'acc\u00e8s, de rectification, de suppression et d'opposition concernant vos donn\u00e9es, vous pouvez vous adresser par \u00e9crit \u00e0 l'adresse suivante : Tablao Flamenco Alma, Avda Portugal, 5, 07012, Palma de Majorque, ou envoyer un e-mail \u00e0 l'adresse suivante : info@tablaoflamencoalma.com. .<\/span><\/li><li><span style=\"color: #000000;\">Conform\u00e9ment aux dispositions de la loi n\u00b0 34\/2002 du 11 juillet relative aux services de la soci\u00e9t\u00e9 de l'information et au commerce \u00e9lectronique, si vous ne souhaitez plus recevoir de communications commerciales par voie \u00e9lectronique de la part de Tablao Flamenco Alma, vous pouvez nous en faire part en envoyant un e-mail \u00e0 l'adresse suivante : info@tablaoflamencoalma.com. .<\/span><\/li><\/ol>\t\t\t\t\t\t\t\t<\/div>\n\t\t\t\t<\/div>\n\t\t\t\t\t<\/div>\n\t\t\t\t<\/div>\n\t\t\t\t\t<\/div>\n\t\t\t\t<\/div>\n\t\t\t\t<\/div>","protected":false},"excerpt":{"rendered":"<p>Pol\u00edtica de privacidad Pol\u00edtica de privacidad En cumplimiento de lo dispuesto en la Ley Org\u00e1nica 15\/1999 de 13 de diciembre, de protecci\u00f3n de datos de car\u00e1cter personal, Tablao Flamenco Alma&nbsp;S.L., (en adelante, &#8220;Tablao Flamenco Alma&#8221;) le comunica que: Los datos personales facilitados por Usted a trav\u00e9s del presente sitio web de titularidad de Tablao Flamenco [&hellip;]<\/p>\n","protected":false},"author":1,"featured_media":0,"parent":0,"menu_order":0,"comment_status":"closed","ping_status":"closed","template":"","meta":{"site-sidebar-layout":"no-sidebar","site-content-layout":"page-builder","ast-site-content-layout":"full-width-container","site-content-style":"unboxed","site-sidebar-style":"unboxed","ast-global-header-display":"","ast-banner-title-visibility":"","ast-main-header-display":"","ast-hfb-above-header-display":"","ast-hfb-below-header-display":"","ast-hfb-mobile-header-display":"","site-post-title":"disabled","ast-breadcrumbs-content":"","ast-featured-img":"disabled","footer-sml-layout":"","theme-transparent-header-meta":"enabled","adv-header-id-meta":"","stick-header-meta":"","header-above-stick-meta":"","header-main-stick-meta":"","header-below-stick-meta":"","astra-migrate-meta-layouts":"set","ast-page-background-enabled":"default","ast-page-background-meta":{"desktop":{"background-color":"var(--ast-global-color-4)","background-image":"","background-repeat":"repeat","background-position":"center center","background-size":"auto","background-attachment":"scroll","background-type":"","background-media":"","overlay-type":"","overlay-color":"","overlay-opacity":"","overlay-gradient":""},"tablet":{"background-color":"","background-image":"","background-repeat":"repeat","background-position":"center center","background-size":"auto","background-attachment":"scroll","background-type":"","background-media":"","overlay-type":"","overlay-color":"","overlay-opacity":"","overlay-gradient":""},"mobile":{"background-color":"","background-image":"","background-repeat":"repeat","background-position":"center center","background-size":"auto","background-attachment":"scroll","background-type":"","background-media":"","overlay-type":"","overlay-color":"","overlay-opacity":"","overlay-gradient":""}},"ast-content-background-meta":{"desktop":{"background-color":"var(--ast-global-color-5)","background-image":"","background-repeat":"repeat","background-position":"center center","background-size":"auto","background-attachment":"scroll","background-type":"","background-media":"","overlay-type":"","overlay-color":"","overlay-opacity":"","overlay-gradient":""},"tablet":{"background-color":"var(--ast-global-color-5)","background-image":"","background-repeat":"repeat","background-position":"center center","background-size":"auto","background-attachment":"scroll","background-type":"","background-media":"","overlay-type":"","overlay-color":"","overlay-opacity":"","overlay-gradient":""},"mobile":{"background-color":"var(--ast-global-color-5)","background-image":"","background-repeat":"repeat","background-position":"center center","background-size":"auto","background-attachment":"scroll","background-type":"","background-media":"","overlay-type":"","overlay-color":"","overlay-opacity":"","overlay-gradient":""}},"footnotes":""},"class_list":["post-2940","page","type-page","status-publish","hentry"],"yoast_head":"<!-- This site is optimized with the Yoast SEO plugin v28.4 - https:\/\/yoast.com\/product\/yoast-seo-wordpress\/ -->\n<title>Pol\u00edtica de privacidad - Tablao Flamenco Alma<\/title>\n<meta name=\"robots\" content=\"noindex, follow\" \/>\n<meta property=\"og:locale\" content=\"fr_FR\" \/>\n<meta property=\"og:type\" content=\"article\" \/>\n<meta property=\"og:title\" content=\"Pol\u00edtica de privacidad - Tablao Flamenco Alma\" \/>\n<meta property=\"og:description\" content=\"Pol\u00edtica de privacidad Pol\u00edtica de privacidad En cumplimiento de lo dispuesto en la Ley Org\u00e1nica 15\/1999 de 13 de diciembre, de protecci\u00f3n de datos de car\u00e1cter personal, Tablao Flamenco Alma&nbsp;S.L., (en adelante, &#8220;Tablao Flamenco Alma&#8221;) le comunica que: Los datos personales facilitados por Usted a trav\u00e9s del presente sitio web de titularidad de Tablao Flamenco [&hellip;]\" \/>\n<meta property=\"og:url\" content=\"https:\/\/tablaoflamencoalma.com\/fr\/politica-privacidad\/\" \/>\n<meta property=\"og:site_name\" content=\"Tablao Flamenco Alma\" \/>\n<meta property=\"article:publisher\" content=\"https:\/\/www.facebook.com\/tablaoflamencoalma\" \/>\n<meta property=\"article:modified_time\" content=\"2024-02-19T19:46:32+00:00\" \/>\n<meta property=\"og:image\" content=\"https:\/\/tablaoflamencoalma.com\/wp-content\/uploads\/2024\/01\/tablao-flamenco-alma-01-04.png\" \/>\n\t<meta property=\"og:image:width\" content=\"2560\" \/>\n\t<meta property=\"og:image:height\" content=\"1835\" \/>\n\t<meta property=\"og:image:type\" content=\"image\/png\" \/>\n<meta name=\"twitter:card\" content=\"summary_large_image\" \/>\n<meta name=\"twitter:label1\" content=\"Dur\u00e9e de lecture estim\u00e9e\" \/>\n\t<meta name=\"twitter:data1\" content=\"2 minutes\" \/>\n<script type=\"application\/ld+json\" class=\"yoast-schema-graph\">{\"@context\":\"https:\\\/\\\/schema.org\",\"@graph\":[{\"@type\":\"WebPage\",\"@id\":\"https:\\\/\\\/tablaoflamencoalma.com\\\/politica-privacidad\\\/\",\"url\":\"https:\\\/\\\/tablaoflamencoalma.com\\\/politica-privacidad\\\/\",\"name\":\"Pol\u00edtica de privacidad - Tablao Flamenco Alma\",\"isPartOf\":{\"@id\":\"https:\\\/\\\/tablaoflamencoalma.com\\\/#website\"},\"datePublished\":\"2024-01-23T08:10:24+00:00\",\"dateModified\":\"2024-02-19T19:46:32+00:00\",\"breadcrumb\":{\"@id\":\"https:\\\/\\\/tablaoflamencoalma.com\\\/politica-privacidad\\\/#breadcrumb\"},\"inLanguage\":\"fr-FR\",\"potentialAction\":[{\"@type\":\"ReadAction\",\"target\":[\"https:\\\/\\\/tablaoflamencoalma.com\\\/politica-privacidad\\\/\"]}]},{\"@type\":\"BreadcrumbList\",\"@id\":\"https:\\\/\\\/tablaoflamencoalma.com\\\/politica-privacidad\\\/#breadcrumb\",\"itemListElement\":[{\"@type\":\"ListItem\",\"position\":1,\"name\":\"Portada\",\"item\":\"https:\\\/\\\/tablaoflamencoalma.com\\\/\"},{\"@type\":\"ListItem\",\"position\":2,\"name\":\"Pol\u00edtica de privacidad\"}]},{\"@type\":\"WebSite\",\"@id\":\"https:\\\/\\\/tablaoflamencoalma.com\\\/#website\",\"url\":\"https:\\\/\\\/tablaoflamencoalma.com\\\/\",\"name\":\"Tablao Flamenco Alma\",\"description\":\"Tablao Flamenco Alma\",\"publisher\":{\"@id\":\"https:\\\/\\\/tablaoflamencoalma.com\\\/#organization\"},\"potentialAction\":[{\"@type\":\"SearchAction\",\"target\":{\"@type\":\"EntryPoint\",\"urlTemplate\":\"https:\\\/\\\/tablaoflamencoalma.com\\\/?s={search_term_string}\"},\"query-input\":{\"@type\":\"PropertyValueSpecification\",\"valueRequired\":true,\"valueName\":\"search_term_string\"}}],\"inLanguage\":\"fr-FR\"},{\"@type\":\"Organization\",\"@id\":\"https:\\\/\\\/tablaoflamencoalma.com\\\/#organization\",\"name\":\"Tablao Flamenco Alma\",\"url\":\"https:\\\/\\\/tablaoflamencoalma.com\\\/\",\"logo\":{\"@type\":\"ImageObject\",\"inLanguage\":\"fr-FR\",\"@id\":\"https:\\\/\\\/tablaoflamencoalma.com\\\/#\\\/schema\\\/logo\\\/image\\\/\",\"url\":\"https:\\\/\\\/tablaoflamencoalma.com\\\/wp-content\\\/uploads\\\/2024\\\/01\\\/cropped-tablao-flamenco-alma-01-04.png\",\"contentUrl\":\"https:\\\/\\\/tablaoflamencoalma.com\\\/wp-content\\\/uploads\\\/2024\\\/01\\\/cropped-tablao-flamenco-alma-01-04.png\",\"width\":512,\"height\":512,\"caption\":\"Tablao Flamenco Alma\"},\"image\":{\"@id\":\"https:\\\/\\\/tablaoflamencoalma.com\\\/#\\\/schema\\\/logo\\\/image\\\/\"},\"sameAs\":[\"https:\\\/\\\/www.facebook.com\\\/tablaoflamencoalma\",\"https:\\\/\\\/www.instagram.com\\\/tablaoflamencoalma\"]}]}<\/script>\n<!-- \/ Yoast SEO plugin. -->","yoast_head_json":{"title":"Politique de confidentialit\u00e9 - Tablao Flamenco Alma","robots":{"index":"noindex","follow":"follow"},"og_locale":"fr_FR","og_type":"article","og_title":"Pol\u00edtica de privacidad - Tablao Flamenco Alma","og_description":"Pol\u00edtica de privacidad Pol\u00edtica de privacidad En cumplimiento de lo dispuesto en la Ley Org\u00e1nica 15\/1999 de 13 de diciembre, de protecci\u00f3n de datos de car\u00e1cter personal, Tablao Flamenco Alma&nbsp;S.L., (en adelante, &#8220;Tablao Flamenco Alma&#8221;) le comunica que: Los datos personales facilitados por Usted a trav\u00e9s del presente sitio web de titularidad de Tablao Flamenco [&hellip;]","og_url":"https:\/\/tablaoflamencoalma.com\/fr\/politica-privacidad\/","og_site_name":"Tablao Flamenco Alma","article_publisher":"https:\/\/www.facebook.com\/tablaoflamencoalma","article_modified_time":"2024-02-19T19:46:32+00:00","og_image":[{"width":2560,"height":1835,"url":"https:\/\/tablaoflamencoalma.com\/wp-content\/uploads\/2024\/01\/tablao-flamenco-alma-01-04.png","type":"image\/png"}],"twitter_card":"summary_large_image","twitter_misc":{"Dur\u00e9e de lecture estim\u00e9e":"2 minutes"},"schema":{"@context":"https:\/\/schema.org","@graph":[{"@type":"WebPage","@id":"https:\/\/tablaoflamencoalma.com\/politica-privacidad\/","url":"https:\/\/tablaoflamencoalma.com\/politica-privacidad\/","name":"Politique de confidentialit\u00e9 - Tablao Flamenco Alma","isPartOf":{"@id":"https:\/\/tablaoflamencoalma.com\/#website"},"datePublished":"2024-01-23T08:10:24+00:00","dateModified":"2024-02-19T19:46:32+00:00","breadcrumb":{"@id":"https:\/\/tablaoflamencoalma.com\/politica-privacidad\/#breadcrumb"},"inLanguage":"fr-FR","potentialAction":[{"@type":"ReadAction","target":["https:\/\/tablaoflamencoalma.com\/politica-privacidad\/"]}]},{"@type":"BreadcrumbList","@id":"https:\/\/tablaoflamencoalma.com\/politica-privacidad\/#breadcrumb","itemListElement":[{"@type":"ListItem","position":1,"name":"Portada","item":"https:\/\/tablaoflamencoalma.com\/"},{"@type":"ListItem","position":2,"name":"Pol\u00edtica de privacidad"}]},{"@type":"WebSite","@id":"https:\/\/tablaoflamencoalma.com\/#website","url":"https:\/\/tablaoflamencoalma.com\/","name":"Tablao flamenco Alma","description":"Tablao flamenco Alma","publisher":{"@id":"https:\/\/tablaoflamencoalma.com\/#organization"},"potentialAction":[{"@type":"SearchAction","target":{"@type":"EntryPoint","urlTemplate":"https:\/\/tablaoflamencoalma.com\/?s={search_term_string}"},"query-input":{"@type":"PropertyValueSpecification","valueRequired":true,"valueName":"search_term_string"}}],"inLanguage":"fr-FR"},{"@type":"Organization","@id":"https:\/\/tablaoflamencoalma.com\/#organization","name":"Tablao flamenco Alma","url":"https:\/\/tablaoflamencoalma.com\/","logo":{"@type":"ImageObject","inLanguage":"fr-FR","@id":"https:\/\/tablaoflamencoalma.com\/#\/schema\/logo\/image\/","url":"https:\/\/tablaoflamencoalma.com\/wp-content\/uploads\/2024\/01\/cropped-tablao-flamenco-alma-01-04.png","contentUrl":"https:\/\/tablaoflamencoalma.com\/wp-content\/uploads\/2024\/01\/cropped-tablao-flamenco-alma-01-04.png","width":512,"height":512,"caption":"Tablao Flamenco Alma"},"image":{"@id":"https:\/\/tablaoflamencoalma.com\/#\/schema\/logo\/image\/"},"sameAs":["https:\/\/www.facebook.com\/tablaoflamencoalma","https:\/\/www.instagram.com\/tablaoflamencoalma"]}]}},"_links":{"self":[{"href":"https:\/\/tablaoflamencoalma.com\/fr\/wp-json\/wp\/v2\/pages\/2940","targetHints":{"allow":["GET"]}}],"collection":[{"href":"https:\/\/tablaoflamencoalma.com\/fr\/wp-json\/wp\/v2\/pages"}],"about":[{"href":"https:\/\/tablaoflamencoalma.com\/fr\/wp-json\/wp\/v2\/types\/page"}],"author":[{"embeddable":true,"href":"https:\/\/tablaoflamencoalma.com\/fr\/wp-json\/wp\/v2\/users\/1"}],"replies":[{"embeddable":true,"href":"https:\/\/tablaoflamencoalma.com\/fr\/wp-json\/wp\/v2\/comments?post=2940"}],"version-history":[{"count":7,"href":"https:\/\/tablaoflamencoalma.com\/fr\/wp-json\/wp\/v2\/pages\/2940\/revisions"}],"predecessor-version":[{"id":3064,"href":"https:\/\/tablaoflamencoalma.com\/fr\/wp-json\/wp\/v2\/pages\/2940\/revisions\/3064"}],"wp:attachment":[{"href":"https:\/\/tablaoflamencoalma.com\/fr\/wp-json\/wp\/v2\/media?parent=2940"}],"curies":[{"name":"wp","href":"https:\/\/api.w.org\/{rel}","templated":true}]}}