{"id":2940,"date":"2024-01-23T09:10:24","date_gmt":"2024-01-23T08:10:24","guid":{"rendered":"https:\/\/tablaoflamencoalma.com\/?page_id=2940"},"modified":"2024-02-19T20:46:32","modified_gmt":"2024-02-19T19:46:32","slug":"politica-privacidad","status":"publish","type":"page","link":"https:\/\/tablaoflamencoalma.com\/en\/politica-privacidad\/","title":{"rendered":"Privacy Policy"},"content":{"rendered":"<div data-elementor-type=\"wp-page\" data-elementor-id=\"2940\" class=\"elementor elementor-2940\" data-elementor-post-type=\"page\">\n\t\t\t\t<div class=\"elementor-element elementor-element-93263f3 e-flex e-con-boxed e-con e-parent\" data-id=\"93263f3\" data-element_type=\"container\" data-e-type=\"container\" data-settings=\"{&quot;background_background&quot;:&quot;classic&quot;}\">\n\t\t\t\t\t<div class=\"e-con-inner\">\n\t\t<div class=\"elementor-element elementor-element-6c32ff7 e-con-full e-flex e-con e-child\" data-id=\"6c32ff7\" data-element_type=\"container\" data-e-type=\"container\" data-settings=\"{&quot;background_background&quot;:&quot;classic&quot;}\">\n\t\t\t\t<div class=\"elementor-element elementor-element-888fcee elementor-widget elementor-widget-heading\" data-id=\"888fcee\" data-element_type=\"widget\" data-e-type=\"widget\" data-widget_type=\"heading.default\">\n\t\t\t\t<div class=\"elementor-widget-container\">\n\t\t\t\t\t<h1 class=\"elementor-heading-title elementor-size-default\">Privacy Policy<\/h1>\t\t\t\t<\/div>\n\t\t\t\t<\/div>\n\t\t\t\t<\/div>\n\t\t\t\t\t<\/div>\n\t\t\t\t<\/div>\n\t\t<div class=\"elementor-element elementor-element-fee42f2 e-flex e-con-boxed e-con e-parent\" data-id=\"fee42f2\" data-element_type=\"container\" data-e-type=\"container\">\n\t\t\t\t\t<div class=\"e-con-inner\">\n\t\t<div class=\"elementor-element elementor-element-6ecdfd1 e-flex e-con-boxed e-con e-child\" data-id=\"6ecdfd1\" data-element_type=\"container\" data-e-type=\"container\">\n\t\t\t\t\t<div class=\"e-con-inner\">\n\t\t\t\t<div class=\"elementor-element elementor-element-eb4e36f elementor-widget elementor-widget-spacer\" data-id=\"eb4e36f\" data-element_type=\"widget\" data-e-type=\"widget\" data-widget_type=\"spacer.default\">\n\t\t\t\t<div class=\"elementor-widget-container\">\n\t\t\t\t\t\t\t<div class=\"elementor-spacer\">\n\t\t\t<div class=\"elementor-spacer-inner\"><\/div>\n\t\t<\/div>\n\t\t\t\t\t\t<\/div>\n\t\t\t\t<\/div>\n\t\t\t\t\t<\/div>\n\t\t\t\t<\/div>\n\t\t<div class=\"elementor-element elementor-element-ac3a2cf e-flex e-con-boxed e-con e-child\" data-id=\"ac3a2cf\" data-element_type=\"container\" data-e-type=\"container\">\n\t\t\t\t\t<div class=\"e-con-inner\">\n\t\t\t\t<div class=\"elementor-element elementor-element-742660f elementor-widget elementor-widget-heading\" data-id=\"742660f\" data-element_type=\"widget\" data-e-type=\"widget\" data-widget_type=\"heading.default\">\n\t\t\t\t<div class=\"elementor-widget-container\">\n\t\t\t\t\t<h2 class=\"elementor-heading-title elementor-size-default\">Privacy Policy<\/h2>\t\t\t\t<\/div>\n\t\t\t\t<\/div>\n\t\t\t\t<div class=\"elementor-element elementor-element-155a4f1 elementor-widget elementor-widget-text-editor\" data-id=\"155a4f1\" data-element_type=\"widget\" data-e-type=\"widget\" data-widget_type=\"text-editor.default\">\n\t\t\t\t<div class=\"elementor-widget-container\">\n\t\t\t\t\t\t\t\t\t<p>In accordance with the provisions of Organic Law 15\/1999 of 13 December on the protection of personal data, <span style=\"font-family: Poppins, sans-serif;\">Alma Flamenco Tablao<\/span>&nbsp;S.L. (hereinafter \u201cTablao Flamenco Alma\u201d) wishes to inform you that:<\/p>\t\t\t\t\t\t\t\t<\/div>\n\t\t\t\t<\/div>\n\t\t\t\t<div class=\"elementor-element elementor-element-c595b09 elementor-widget elementor-widget-text-editor\" data-id=\"c595b09\" data-element_type=\"widget\" data-e-type=\"widget\" data-widget_type=\"text-editor.default\">\n\t\t\t\t<div class=\"elementor-widget-container\">\n\t\t\t\t\t\t\t\t\t<ol><li><span style=\"color: #000000;\">The personal data you provide via this website, which is owned by Tablao Flamenco Alma, will be included in the data files owned by Tablao Flamenco Alma, which are duly registered with the General Data Protection Register.\u00a0<\/span><\/li><li><span style=\"color: #000000;\">The purpose of these files is to manage enquiries made by users and to offer them the services of Tablao Flamenco Alma in Palma de Mallorca.<\/span><\/li><li><span style=\"color: #000000;\">Similarly, Tablao Flamenco Alma will process data to manage enquiries received via the website from its users, and to send them advertising and commercial information, via various channels, regarding the company, its activities, competitions, products, services, offers and special promotions, as well as documentation of various kinds and via the company\u2019s various commercial communication channels.<\/span><\/li><li><span style=\"color: #000000;\">Where personal data is collected via a form, you must provide at least the details marked with an asterisk; if this information, which is considered essential, is not provided, Tablao Flamenco Alma will be unable to accept and process your web service request or enquiry.<\/span><\/li><li><span style=\"color: #000000;\">To exercise your rights of access, rectification, erasure and objection regarding your personal data, you may write to the following address: Tablao Flamenco Alma, Avda Portugal, 5, 07012, Palma de Mallorca, or send an email to the following address: info@tablaoflamencoalma.com. .<\/span><\/li><li><span style=\"color: #000000;\">In accordance with the provisions of Law 34\/2002 of 11 July on Information Society Services and Electronic Commerce, should you not wish to receive electronic marketing communications from Tablao Flamenco Alma in future, you may indicate this by sending an email to the following address: info@tablaoflamencoalma.com. .<\/span><\/li><\/ol>\t\t\t\t\t\t\t\t<\/div>\n\t\t\t\t<\/div>\n\t\t\t\t\t<\/div>\n\t\t\t\t<\/div>\n\t\t\t\t\t<\/div>\n\t\t\t\t<\/div>\n\t\t\t\t<\/div>","protected":false},"excerpt":{"rendered":"<p>Pol\u00edtica de privacidad Pol\u00edtica de privacidad En cumplimiento de lo dispuesto en la Ley Org\u00e1nica 15\/1999 de 13 de diciembre, de protecci\u00f3n de datos de car\u00e1cter personal, Tablao Flamenco Alma&nbsp;S.L., (en adelante, &#8220;Tablao Flamenco Alma&#8221;) le comunica que: Los datos personales facilitados por Usted a trav\u00e9s del presente sitio web de titularidad de Tablao Flamenco [&hellip;]<\/p>\n","protected":false},"author":1,"featured_media":0,"parent":0,"menu_order":0,"comment_status":"closed","ping_status":"closed","template":"","meta":{"site-sidebar-layout":"no-sidebar","site-content-layout":"page-builder","ast-site-content-layout":"full-width-container","site-content-style":"unboxed","site-sidebar-style":"unboxed","ast-global-header-display":"","ast-banner-title-visibility":"","ast-main-header-display":"","ast-hfb-above-header-display":"","ast-hfb-below-header-display":"","ast-hfb-mobile-header-display":"","site-post-title":"disabled","ast-breadcrumbs-content":"","ast-featured-img":"disabled","footer-sml-layout":"","theme-transparent-header-meta":"enabled","adv-header-id-meta":"","stick-header-meta":"","header-above-stick-meta":"","header-main-stick-meta":"","header-below-stick-meta":"","astra-migrate-meta-layouts":"set","ast-page-background-enabled":"default","ast-page-background-meta":{"desktop":{"background-color":"var(--ast-global-color-4)","background-image":"","background-repeat":"repeat","background-position":"center center","background-size":"auto","background-attachment":"scroll","background-type":"","background-media":"","overlay-type":"","overlay-color":"","overlay-opacity":"","overlay-gradient":""},"tablet":{"background-color":"","background-image":"","background-repeat":"repeat","background-position":"center center","background-size":"auto","background-attachment":"scroll","background-type":"","background-media":"","overlay-type":"","overlay-color":"","overlay-opacity":"","overlay-gradient":""},"mobile":{"background-color":"","background-image":"","background-repeat":"repeat","background-position":"center center","background-size":"auto","background-attachment":"scroll","background-type":"","background-media":"","overlay-type":"","overlay-color":"","overlay-opacity":"","overlay-gradient":""}},"ast-content-background-meta":{"desktop":{"background-color":"var(--ast-global-color-5)","background-image":"","background-repeat":"repeat","background-position":"center center","background-size":"auto","background-attachment":"scroll","background-type":"","background-media":"","overlay-type":"","overlay-color":"","overlay-opacity":"","overlay-gradient":""},"tablet":{"background-color":"var(--ast-global-color-5)","background-image":"","background-repeat":"repeat","background-position":"center center","background-size":"auto","background-attachment":"scroll","background-type":"","background-media":"","overlay-type":"","overlay-color":"","overlay-opacity":"","overlay-gradient":""},"mobile":{"background-color":"var(--ast-global-color-5)","background-image":"","background-repeat":"repeat","background-position":"center center","background-size":"auto","background-attachment":"scroll","background-type":"","background-media":"","overlay-type":"","overlay-color":"","overlay-opacity":"","overlay-gradient":""}},"footnotes":""},"class_list":["post-2940","page","type-page","status-publish","hentry"],"yoast_head":"<!-- This site is optimized with the Yoast SEO plugin v28.4 - https:\/\/yoast.com\/product\/yoast-seo-wordpress\/ -->\n<title>Pol\u00edtica de privacidad - Tablao Flamenco Alma<\/title>\n<meta name=\"robots\" content=\"noindex, follow\" \/>\n<meta property=\"og:locale\" content=\"en_GB\" \/>\n<meta property=\"og:type\" content=\"article\" \/>\n<meta property=\"og:title\" content=\"Pol\u00edtica de privacidad - Tablao Flamenco Alma\" \/>\n<meta property=\"og:description\" content=\"Pol\u00edtica de privacidad Pol\u00edtica de privacidad En cumplimiento de lo dispuesto en la Ley Org\u00e1nica 15\/1999 de 13 de diciembre, de protecci\u00f3n de datos de car\u00e1cter personal, Tablao Flamenco Alma&nbsp;S.L., (en adelante, &#8220;Tablao Flamenco Alma&#8221;) le comunica que: Los datos personales facilitados por Usted a trav\u00e9s del presente sitio web de titularidad de Tablao Flamenco [&hellip;]\" \/>\n<meta property=\"og:url\" content=\"https:\/\/tablaoflamencoalma.com\/en\/politica-privacidad\/\" \/>\n<meta property=\"og:site_name\" content=\"Tablao Flamenco Alma\" \/>\n<meta property=\"article:publisher\" content=\"https:\/\/www.facebook.com\/tablaoflamencoalma\" \/>\n<meta property=\"article:modified_time\" content=\"2024-02-19T19:46:32+00:00\" \/>\n<meta property=\"og:image\" content=\"https:\/\/tablaoflamencoalma.com\/wp-content\/uploads\/2024\/01\/tablao-flamenco-alma-01-04.png\" \/>\n\t<meta property=\"og:image:width\" content=\"2560\" \/>\n\t<meta property=\"og:image:height\" content=\"1835\" \/>\n\t<meta property=\"og:image:type\" content=\"image\/png\" \/>\n<meta name=\"twitter:card\" content=\"summary_large_image\" \/>\n<meta name=\"twitter:label1\" content=\"Estimated reading time\" \/>\n\t<meta name=\"twitter:data1\" content=\"2 minutes\" \/>\n<script type=\"application\/ld+json\" class=\"yoast-schema-graph\">{\"@context\":\"https:\\\/\\\/schema.org\",\"@graph\":[{\"@type\":\"WebPage\",\"@id\":\"https:\\\/\\\/tablaoflamencoalma.com\\\/politica-privacidad\\\/\",\"url\":\"https:\\\/\\\/tablaoflamencoalma.com\\\/politica-privacidad\\\/\",\"name\":\"Pol\u00edtica de privacidad - Tablao Flamenco Alma\",\"isPartOf\":{\"@id\":\"https:\\\/\\\/tablaoflamencoalma.com\\\/#website\"},\"datePublished\":\"2024-01-23T08:10:24+00:00\",\"dateModified\":\"2024-02-19T19:46:32+00:00\",\"breadcrumb\":{\"@id\":\"https:\\\/\\\/tablaoflamencoalma.com\\\/politica-privacidad\\\/#breadcrumb\"},\"inLanguage\":\"en-GB\",\"potentialAction\":[{\"@type\":\"ReadAction\",\"target\":[\"https:\\\/\\\/tablaoflamencoalma.com\\\/politica-privacidad\\\/\"]}]},{\"@type\":\"BreadcrumbList\",\"@id\":\"https:\\\/\\\/tablaoflamencoalma.com\\\/politica-privacidad\\\/#breadcrumb\",\"itemListElement\":[{\"@type\":\"ListItem\",\"position\":1,\"name\":\"Portada\",\"item\":\"https:\\\/\\\/tablaoflamencoalma.com\\\/\"},{\"@type\":\"ListItem\",\"position\":2,\"name\":\"Pol\u00edtica de privacidad\"}]},{\"@type\":\"WebSite\",\"@id\":\"https:\\\/\\\/tablaoflamencoalma.com\\\/#website\",\"url\":\"https:\\\/\\\/tablaoflamencoalma.com\\\/\",\"name\":\"Tablao Flamenco Alma\",\"description\":\"Tablao Flamenco Alma\",\"publisher\":{\"@id\":\"https:\\\/\\\/tablaoflamencoalma.com\\\/#organization\"},\"potentialAction\":[{\"@type\":\"SearchAction\",\"target\":{\"@type\":\"EntryPoint\",\"urlTemplate\":\"https:\\\/\\\/tablaoflamencoalma.com\\\/?s={search_term_string}\"},\"query-input\":{\"@type\":\"PropertyValueSpecification\",\"valueRequired\":true,\"valueName\":\"search_term_string\"}}],\"inLanguage\":\"en-GB\"},{\"@type\":\"Organization\",\"@id\":\"https:\\\/\\\/tablaoflamencoalma.com\\\/#organization\",\"name\":\"Tablao Flamenco Alma\",\"url\":\"https:\\\/\\\/tablaoflamencoalma.com\\\/\",\"logo\":{\"@type\":\"ImageObject\",\"inLanguage\":\"en-GB\",\"@id\":\"https:\\\/\\\/tablaoflamencoalma.com\\\/#\\\/schema\\\/logo\\\/image\\\/\",\"url\":\"https:\\\/\\\/tablaoflamencoalma.com\\\/wp-content\\\/uploads\\\/2024\\\/01\\\/cropped-tablao-flamenco-alma-01-04.png\",\"contentUrl\":\"https:\\\/\\\/tablaoflamencoalma.com\\\/wp-content\\\/uploads\\\/2024\\\/01\\\/cropped-tablao-flamenco-alma-01-04.png\",\"width\":512,\"height\":512,\"caption\":\"Tablao Flamenco Alma\"},\"image\":{\"@id\":\"https:\\\/\\\/tablaoflamencoalma.com\\\/#\\\/schema\\\/logo\\\/image\\\/\"},\"sameAs\":[\"https:\\\/\\\/www.facebook.com\\\/tablaoflamencoalma\",\"https:\\\/\\\/www.instagram.com\\\/tablaoflamencoalma\"]}]}<\/script>\n<!-- \/ Yoast SEO plugin. -->","yoast_head_json":{"title":"Privacy Policy - Tablao Flamenco Alma","robots":{"index":"noindex","follow":"follow"},"og_locale":"en_GB","og_type":"article","og_title":"Pol\u00edtica de privacidad - Tablao Flamenco Alma","og_description":"Pol\u00edtica de privacidad Pol\u00edtica de privacidad En cumplimiento de lo dispuesto en la Ley Org\u00e1nica 15\/1999 de 13 de diciembre, de protecci\u00f3n de datos de car\u00e1cter personal, Tablao Flamenco Alma&nbsp;S.L., (en adelante, &#8220;Tablao Flamenco Alma&#8221;) le comunica que: Los datos personales facilitados por Usted a trav\u00e9s del presente sitio web de titularidad de Tablao Flamenco [&hellip;]","og_url":"https:\/\/tablaoflamencoalma.com\/en\/politica-privacidad\/","og_site_name":"Tablao Flamenco Alma","article_publisher":"https:\/\/www.facebook.com\/tablaoflamencoalma","article_modified_time":"2024-02-19T19:46:32+00:00","og_image":[{"width":2560,"height":1835,"url":"https:\/\/tablaoflamencoalma.com\/wp-content\/uploads\/2024\/01\/tablao-flamenco-alma-01-04.png","type":"image\/png"}],"twitter_card":"summary_large_image","twitter_misc":{"Estimated reading time":"2 minutes"},"schema":{"@context":"https:\/\/schema.org","@graph":[{"@type":"WebPage","@id":"https:\/\/tablaoflamencoalma.com\/politica-privacidad\/","url":"https:\/\/tablaoflamencoalma.com\/politica-privacidad\/","name":"Privacy Policy - Tablao Flamenco Alma","isPartOf":{"@id":"https:\/\/tablaoflamencoalma.com\/#website"},"datePublished":"2024-01-23T08:10:24+00:00","dateModified":"2024-02-19T19:46:32+00:00","breadcrumb":{"@id":"https:\/\/tablaoflamencoalma.com\/politica-privacidad\/#breadcrumb"},"inLanguage":"en-GB","potentialAction":[{"@type":"ReadAction","target":["https:\/\/tablaoflamencoalma.com\/politica-privacidad\/"]}]},{"@type":"BreadcrumbList","@id":"https:\/\/tablaoflamencoalma.com\/politica-privacidad\/#breadcrumb","itemListElement":[{"@type":"ListItem","position":1,"name":"Portada","item":"https:\/\/tablaoflamencoalma.com\/"},{"@type":"ListItem","position":2,"name":"Pol\u00edtica de privacidad"}]},{"@type":"WebSite","@id":"https:\/\/tablaoflamencoalma.com\/#website","url":"https:\/\/tablaoflamencoalma.com\/","name":"Alma Flamenco Tablao","description":"Alma Flamenco Tablao","publisher":{"@id":"https:\/\/tablaoflamencoalma.com\/#organization"},"potentialAction":[{"@type":"SearchAction","target":{"@type":"EntryPoint","urlTemplate":"https:\/\/tablaoflamencoalma.com\/?s={search_term_string}"},"query-input":{"@type":"PropertyValueSpecification","valueRequired":true,"valueName":"search_term_string"}}],"inLanguage":"en-GB"},{"@type":"Organization","@id":"https:\/\/tablaoflamencoalma.com\/#organization","name":"Alma Flamenco Tablao","url":"https:\/\/tablaoflamencoalma.com\/","logo":{"@type":"ImageObject","inLanguage":"en-GB","@id":"https:\/\/tablaoflamencoalma.com\/#\/schema\/logo\/image\/","url":"https:\/\/tablaoflamencoalma.com\/wp-content\/uploads\/2024\/01\/cropped-tablao-flamenco-alma-01-04.png","contentUrl":"https:\/\/tablaoflamencoalma.com\/wp-content\/uploads\/2024\/01\/cropped-tablao-flamenco-alma-01-04.png","width":512,"height":512,"caption":"Tablao Flamenco Alma"},"image":{"@id":"https:\/\/tablaoflamencoalma.com\/#\/schema\/logo\/image\/"},"sameAs":["https:\/\/www.facebook.com\/tablaoflamencoalma","https:\/\/www.instagram.com\/tablaoflamencoalma"]}]}},"_links":{"self":[{"href":"https:\/\/tablaoflamencoalma.com\/en\/wp-json\/wp\/v2\/pages\/2940","targetHints":{"allow":["GET"]}}],"collection":[{"href":"https:\/\/tablaoflamencoalma.com\/en\/wp-json\/wp\/v2\/pages"}],"about":[{"href":"https:\/\/tablaoflamencoalma.com\/en\/wp-json\/wp\/v2\/types\/page"}],"author":[{"embeddable":true,"href":"https:\/\/tablaoflamencoalma.com\/en\/wp-json\/wp\/v2\/users\/1"}],"replies":[{"embeddable":true,"href":"https:\/\/tablaoflamencoalma.com\/en\/wp-json\/wp\/v2\/comments?post=2940"}],"version-history":[{"count":7,"href":"https:\/\/tablaoflamencoalma.com\/en\/wp-json\/wp\/v2\/pages\/2940\/revisions"}],"predecessor-version":[{"id":3064,"href":"https:\/\/tablaoflamencoalma.com\/en\/wp-json\/wp\/v2\/pages\/2940\/revisions\/3064"}],"wp:attachment":[{"href":"https:\/\/tablaoflamencoalma.com\/en\/wp-json\/wp\/v2\/media?parent=2940"}],"curies":[{"name":"wp","href":"https:\/\/api.w.org\/{rel}","templated":true}]}}