{"id":2940,"date":"2024-01-23T09:10:24","date_gmt":"2024-01-23T08:10:24","guid":{"rendered":"https:\/\/tablaoflamencoalma.com\/?page_id=2940"},"modified":"2024-02-19T20:46:32","modified_gmt":"2024-02-19T19:46:32","slug":"politica-privacidad","status":"publish","type":"page","link":"https:\/\/tablaoflamencoalma.com\/de\/politica-privacidad\/","title":{"rendered":"Datenschutzerkl\u00e4rung"},"content":{"rendered":"<div data-elementor-type=\"wp-page\" data-elementor-id=\"2940\" class=\"elementor elementor-2940\" data-elementor-post-type=\"page\">\n\t\t\t\t<div class=\"elementor-element elementor-element-93263f3 e-flex e-con-boxed e-con e-parent\" data-id=\"93263f3\" data-element_type=\"container\" data-e-type=\"container\" data-settings=\"{&quot;background_background&quot;:&quot;classic&quot;}\">\n\t\t\t\t\t<div class=\"e-con-inner\">\n\t\t<div class=\"elementor-element elementor-element-6c32ff7 e-con-full e-flex e-con e-child\" data-id=\"6c32ff7\" data-element_type=\"container\" data-e-type=\"container\" data-settings=\"{&quot;background_background&quot;:&quot;classic&quot;}\">\n\t\t\t\t<div class=\"elementor-element elementor-element-888fcee elementor-widget elementor-widget-heading\" data-id=\"888fcee\" data-element_type=\"widget\" data-e-type=\"widget\" data-widget_type=\"heading.default\">\n\t\t\t\t<div class=\"elementor-widget-container\">\n\t\t\t\t\t<h1 class=\"elementor-heading-title elementor-size-default\">Datenschutzerkl\u00e4rung<\/h1>\t\t\t\t<\/div>\n\t\t\t\t<\/div>\n\t\t\t\t<\/div>\n\t\t\t\t\t<\/div>\n\t\t\t\t<\/div>\n\t\t<div class=\"elementor-element elementor-element-fee42f2 e-flex e-con-boxed e-con e-parent\" data-id=\"fee42f2\" data-element_type=\"container\" data-e-type=\"container\">\n\t\t\t\t\t<div class=\"e-con-inner\">\n\t\t<div class=\"elementor-element elementor-element-6ecdfd1 e-flex e-con-boxed e-con e-child\" data-id=\"6ecdfd1\" data-element_type=\"container\" data-e-type=\"container\">\n\t\t\t\t\t<div class=\"e-con-inner\">\n\t\t\t\t<div class=\"elementor-element elementor-element-eb4e36f elementor-widget elementor-widget-spacer\" data-id=\"eb4e36f\" data-element_type=\"widget\" data-e-type=\"widget\" data-widget_type=\"spacer.default\">\n\t\t\t\t<div class=\"elementor-widget-container\">\n\t\t\t\t\t\t\t<div class=\"elementor-spacer\">\n\t\t\t<div class=\"elementor-spacer-inner\"><\/div>\n\t\t<\/div>\n\t\t\t\t\t\t<\/div>\n\t\t\t\t<\/div>\n\t\t\t\t\t<\/div>\n\t\t\t\t<\/div>\n\t\t<div class=\"elementor-element elementor-element-ac3a2cf e-flex e-con-boxed e-con e-child\" data-id=\"ac3a2cf\" data-element_type=\"container\" data-e-type=\"container\">\n\t\t\t\t\t<div class=\"e-con-inner\">\n\t\t\t\t<div class=\"elementor-element elementor-element-742660f elementor-widget elementor-widget-heading\" data-id=\"742660f\" data-element_type=\"widget\" data-e-type=\"widget\" data-widget_type=\"heading.default\">\n\t\t\t\t<div class=\"elementor-widget-container\">\n\t\t\t\t\t<h2 class=\"elementor-heading-title elementor-size-default\">Datenschutzerkl\u00e4rung<\/h2>\t\t\t\t<\/div>\n\t\t\t\t<\/div>\n\t\t\t\t<div class=\"elementor-element elementor-element-155a4f1 elementor-widget elementor-widget-text-editor\" data-id=\"155a4f1\" data-element_type=\"widget\" data-e-type=\"widget\" data-widget_type=\"text-editor.default\">\n\t\t\t\t<div class=\"elementor-widget-container\">\n\t\t\t\t\t\t\t\t\t<p>In \u00dcbereinstimmung mit den Bestimmungen des Organgesetzes 15\/1999 vom 13. Dezember \u00fcber den Schutz personenbezogener Daten, <span style=\"font-family: Poppins, sans-serif;\">Flamenco-Lokal \u201eAlma\u201c<\/span>&nbsp;S.L. (im Folgenden \u201cTablao Flamenco Alma\u201d) teilt Ihnen Folgendes mit:<\/p>\t\t\t\t\t\t\t\t<\/div>\n\t\t\t\t<\/div>\n\t\t\t\t<div class=\"elementor-element elementor-element-c595b09 elementor-widget elementor-widget-text-editor\" data-id=\"c595b09\" data-element_type=\"widget\" data-e-type=\"widget\" data-widget_type=\"text-editor.default\">\n\t\t\t\t<div class=\"elementor-widget-container\">\n\t\t\t\t\t\t\t\t\t<ol><li><span style=\"color: #000000;\">Die personenbezogenen Daten, die Sie \u00fcber diese Website, deren Inhaber Tablao Flamenco Alma ist, zur Verf\u00fcgung stellen, werden in die Datenbest\u00e4nde von Tablao Flamenco Alma aufgenommen, die ordnungsgem\u00e4\u00df im Allgemeinen Datenschutzregister eingetragen sind.\u00a0<\/span><\/li><li><span style=\"color: #000000;\">Der Zweck dieser Dateien besteht darin, die von den Nutzern gestellten Anfragen zu bearbeiten und ihnen die Dienstleistungen des \u201eTablao Flamenco Alma\u201c in Palma de Mallorca anzubieten.<\/span><\/li><li><span style=\"color: #000000;\">Ebenso verarbeitet das \u201eTablao Flamenco Alma\u201c die Daten, um die \u00fcber die Website eingehenden Anfragen der Nutzer zu bearbeiten, sowie um diesen Nutzern \u00fcber verschiedene Kan\u00e4le Werbe- und Gesch\u00e4ftsinformationen \u00fcber das Unternehmen, seine Aktivit\u00e4ten, Gewinnspiele, Produkte, Dienstleistungen, Angebote, Sonderaktionen sowie Unterlagen verschiedener Art und \u00fcber verschiedene Kan\u00e4le der Unternehmenskommunikation zukommen zu lassen.<\/span><\/li><li><span style=\"color: #000000;\">Wenn personenbezogene Daten \u00fcber ein Formular erfasst werden, m\u00fcssen Sie zumindest die mit einem Sternchen gekennzeichneten Angaben machen, da Tablao Flamenco Alma den Webdienst oder die gestellte Anfrage nicht annehmen und bearbeiten kann, wenn diese als notwendig erachteten Daten nicht angegeben werden.<\/span><\/li><li><span style=\"color: #000000;\">Um Ihre Rechte auf Auskunft, Berichtigung, L\u00f6schung und Widerspruch bez\u00fcglich Ihrer Daten auszu\u00fcben, k\u00f6nnen Sie sich schriftlich an folgende Adresse wenden: Tablao Flamenco Alma, Avda Portugal, 5, 07012, Palma de Mallorca oder eine E-Mail an folgende Adresse senden: info@tablaoflamencoalma.com. .<\/span><\/li><li><span style=\"color: #000000;\">Gem\u00e4\u00df den Bestimmungen des Gesetzes 34\/2002 vom 11. Juli \u00fcber Dienste der Informationsgesellschaft und den elektronischen Gesch\u00e4ftsverkehr k\u00f6nnen Sie, falls Sie in Zukunft keine elektronischen Werbemitteilungen von Tablao Flamenco Alma erhalten m\u00f6chten, diesen Wunsch per E-Mail an folgende E-Mail-Adresse mitteilen: info@tablaoflamencoalma.com. .<\/span><\/li><\/ol>\t\t\t\t\t\t\t\t<\/div>\n\t\t\t\t<\/div>\n\t\t\t\t\t<\/div>\n\t\t\t\t<\/div>\n\t\t\t\t\t<\/div>\n\t\t\t\t<\/div>\n\t\t\t\t<\/div>","protected":false},"excerpt":{"rendered":"<p>Pol\u00edtica de privacidad Pol\u00edtica de privacidad En cumplimiento de lo dispuesto en la Ley Org\u00e1nica 15\/1999 de 13 de diciembre, de protecci\u00f3n de datos de car\u00e1cter personal, Tablao Flamenco Alma&nbsp;S.L., (en adelante, &#8220;Tablao Flamenco Alma&#8221;) le comunica que: Los datos personales facilitados por Usted a trav\u00e9s del presente sitio web de titularidad de Tablao Flamenco [&hellip;]<\/p>\n","protected":false},"author":1,"featured_media":0,"parent":0,"menu_order":0,"comment_status":"closed","ping_status":"closed","template":"","meta":{"site-sidebar-layout":"no-sidebar","site-content-layout":"page-builder","ast-site-content-layout":"full-width-container","site-content-style":"unboxed","site-sidebar-style":"unboxed","ast-global-header-display":"","ast-banner-title-visibility":"","ast-main-header-display":"","ast-hfb-above-header-display":"","ast-hfb-below-header-display":"","ast-hfb-mobile-header-display":"","site-post-title":"disabled","ast-breadcrumbs-content":"","ast-featured-img":"disabled","footer-sml-layout":"","theme-transparent-header-meta":"enabled","adv-header-id-meta":"","stick-header-meta":"","header-above-stick-meta":"","header-main-stick-meta":"","header-below-stick-meta":"","astra-migrate-meta-layouts":"set","ast-page-background-enabled":"default","ast-page-background-meta":{"desktop":{"background-color":"var(--ast-global-color-4)","background-image":"","background-repeat":"repeat","background-position":"center center","background-size":"auto","background-attachment":"scroll","background-type":"","background-media":"","overlay-type":"","overlay-color":"","overlay-opacity":"","overlay-gradient":""},"tablet":{"background-color":"","background-image":"","background-repeat":"repeat","background-position":"center center","background-size":"auto","background-attachment":"scroll","background-type":"","background-media":"","overlay-type":"","overlay-color":"","overlay-opacity":"","overlay-gradient":""},"mobile":{"background-color":"","background-image":"","background-repeat":"repeat","background-position":"center center","background-size":"auto","background-attachment":"scroll","background-type":"","background-media":"","overlay-type":"","overlay-color":"","overlay-opacity":"","overlay-gradient":""}},"ast-content-background-meta":{"desktop":{"background-color":"var(--ast-global-color-5)","background-image":"","background-repeat":"repeat","background-position":"center center","background-size":"auto","background-attachment":"scroll","background-type":"","background-media":"","overlay-type":"","overlay-color":"","overlay-opacity":"","overlay-gradient":""},"tablet":{"background-color":"var(--ast-global-color-5)","background-image":"","background-repeat":"repeat","background-position":"center center","background-size":"auto","background-attachment":"scroll","background-type":"","background-media":"","overlay-type":"","overlay-color":"","overlay-opacity":"","overlay-gradient":""},"mobile":{"background-color":"var(--ast-global-color-5)","background-image":"","background-repeat":"repeat","background-position":"center center","background-size":"auto","background-attachment":"scroll","background-type":"","background-media":"","overlay-type":"","overlay-color":"","overlay-opacity":"","overlay-gradient":""}},"footnotes":""},"class_list":["post-2940","page","type-page","status-publish","hentry"],"yoast_head":"<!-- This site is optimized with the Yoast SEO plugin v28.4 - https:\/\/yoast.com\/product\/yoast-seo-wordpress\/ -->\n<title>Pol\u00edtica de privacidad - Tablao Flamenco Alma<\/title>\n<meta name=\"robots\" content=\"noindex, follow\" \/>\n<meta property=\"og:locale\" content=\"de_DE\" \/>\n<meta property=\"og:type\" content=\"article\" \/>\n<meta property=\"og:title\" content=\"Pol\u00edtica de privacidad - Tablao Flamenco Alma\" \/>\n<meta property=\"og:description\" content=\"Pol\u00edtica de privacidad Pol\u00edtica de privacidad En cumplimiento de lo dispuesto en la Ley Org\u00e1nica 15\/1999 de 13 de diciembre, de protecci\u00f3n de datos de car\u00e1cter personal, Tablao Flamenco Alma&nbsp;S.L., (en adelante, &#8220;Tablao Flamenco Alma&#8221;) le comunica que: Los datos personales facilitados por Usted a trav\u00e9s del presente sitio web de titularidad de Tablao Flamenco [&hellip;]\" \/>\n<meta property=\"og:url\" content=\"https:\/\/tablaoflamencoalma.com\/de\/politica-privacidad\/\" \/>\n<meta property=\"og:site_name\" content=\"Tablao Flamenco Alma\" \/>\n<meta property=\"article:publisher\" content=\"https:\/\/www.facebook.com\/tablaoflamencoalma\" \/>\n<meta property=\"article:modified_time\" content=\"2024-02-19T19:46:32+00:00\" \/>\n<meta property=\"og:image\" content=\"https:\/\/tablaoflamencoalma.com\/wp-content\/uploads\/2024\/01\/tablao-flamenco-alma-01-04.png\" \/>\n\t<meta property=\"og:image:width\" content=\"2560\" \/>\n\t<meta property=\"og:image:height\" content=\"1835\" \/>\n\t<meta property=\"og:image:type\" content=\"image\/png\" \/>\n<meta name=\"twitter:card\" content=\"summary_large_image\" \/>\n<meta name=\"twitter:label1\" content=\"Gesch\u00e4tzte Lesezeit\" \/>\n\t<meta name=\"twitter:data1\" content=\"2\u00a0Minuten\" \/>\n<script type=\"application\/ld+json\" class=\"yoast-schema-graph\">{\"@context\":\"https:\\\/\\\/schema.org\",\"@graph\":[{\"@type\":\"WebPage\",\"@id\":\"https:\\\/\\\/tablaoflamencoalma.com\\\/politica-privacidad\\\/\",\"url\":\"https:\\\/\\\/tablaoflamencoalma.com\\\/politica-privacidad\\\/\",\"name\":\"Pol\u00edtica de privacidad - Tablao Flamenco Alma\",\"isPartOf\":{\"@id\":\"https:\\\/\\\/tablaoflamencoalma.com\\\/#website\"},\"datePublished\":\"2024-01-23T08:10:24+00:00\",\"dateModified\":\"2024-02-19T19:46:32+00:00\",\"breadcrumb\":{\"@id\":\"https:\\\/\\\/tablaoflamencoalma.com\\\/politica-privacidad\\\/#breadcrumb\"},\"inLanguage\":\"de\",\"potentialAction\":[{\"@type\":\"ReadAction\",\"target\":[\"https:\\\/\\\/tablaoflamencoalma.com\\\/politica-privacidad\\\/\"]}]},{\"@type\":\"BreadcrumbList\",\"@id\":\"https:\\\/\\\/tablaoflamencoalma.com\\\/politica-privacidad\\\/#breadcrumb\",\"itemListElement\":[{\"@type\":\"ListItem\",\"position\":1,\"name\":\"Portada\",\"item\":\"https:\\\/\\\/tablaoflamencoalma.com\\\/\"},{\"@type\":\"ListItem\",\"position\":2,\"name\":\"Pol\u00edtica de privacidad\"}]},{\"@type\":\"WebSite\",\"@id\":\"https:\\\/\\\/tablaoflamencoalma.com\\\/#website\",\"url\":\"https:\\\/\\\/tablaoflamencoalma.com\\\/\",\"name\":\"Tablao Flamenco Alma\",\"description\":\"Tablao Flamenco Alma\",\"publisher\":{\"@id\":\"https:\\\/\\\/tablaoflamencoalma.com\\\/#organization\"},\"potentialAction\":[{\"@type\":\"SearchAction\",\"target\":{\"@type\":\"EntryPoint\",\"urlTemplate\":\"https:\\\/\\\/tablaoflamencoalma.com\\\/?s={search_term_string}\"},\"query-input\":{\"@type\":\"PropertyValueSpecification\",\"valueRequired\":true,\"valueName\":\"search_term_string\"}}],\"inLanguage\":\"de\"},{\"@type\":\"Organization\",\"@id\":\"https:\\\/\\\/tablaoflamencoalma.com\\\/#organization\",\"name\":\"Tablao Flamenco Alma\",\"url\":\"https:\\\/\\\/tablaoflamencoalma.com\\\/\",\"logo\":{\"@type\":\"ImageObject\",\"inLanguage\":\"de\",\"@id\":\"https:\\\/\\\/tablaoflamencoalma.com\\\/#\\\/schema\\\/logo\\\/image\\\/\",\"url\":\"https:\\\/\\\/tablaoflamencoalma.com\\\/wp-content\\\/uploads\\\/2024\\\/01\\\/cropped-tablao-flamenco-alma-01-04.png\",\"contentUrl\":\"https:\\\/\\\/tablaoflamencoalma.com\\\/wp-content\\\/uploads\\\/2024\\\/01\\\/cropped-tablao-flamenco-alma-01-04.png\",\"width\":512,\"height\":512,\"caption\":\"Tablao Flamenco Alma\"},\"image\":{\"@id\":\"https:\\\/\\\/tablaoflamencoalma.com\\\/#\\\/schema\\\/logo\\\/image\\\/\"},\"sameAs\":[\"https:\\\/\\\/www.facebook.com\\\/tablaoflamencoalma\",\"https:\\\/\\\/www.instagram.com\\\/tablaoflamencoalma\"]}]}<\/script>\n<!-- \/ Yoast SEO plugin. -->","yoast_head_json":{"title":"Datenschutzerkl\u00e4rung \u2013 Tablao Flamenco Alma","robots":{"index":"noindex","follow":"follow"},"og_locale":"de_DE","og_type":"article","og_title":"Pol\u00edtica de privacidad - Tablao Flamenco Alma","og_description":"Pol\u00edtica de privacidad Pol\u00edtica de privacidad En cumplimiento de lo dispuesto en la Ley Org\u00e1nica 15\/1999 de 13 de diciembre, de protecci\u00f3n de datos de car\u00e1cter personal, Tablao Flamenco Alma&nbsp;S.L., (en adelante, &#8220;Tablao Flamenco Alma&#8221;) le comunica que: Los datos personales facilitados por Usted a trav\u00e9s del presente sitio web de titularidad de Tablao Flamenco [&hellip;]","og_url":"https:\/\/tablaoflamencoalma.com\/de\/politica-privacidad\/","og_site_name":"Tablao Flamenco Alma","article_publisher":"https:\/\/www.facebook.com\/tablaoflamencoalma","article_modified_time":"2024-02-19T19:46:32+00:00","og_image":[{"width":2560,"height":1835,"url":"https:\/\/tablaoflamencoalma.com\/wp-content\/uploads\/2024\/01\/tablao-flamenco-alma-01-04.png","type":"image\/png"}],"twitter_card":"summary_large_image","twitter_misc":{"Gesch\u00e4tzte Lesezeit":"2\u00a0Minuten"},"schema":{"@context":"https:\/\/schema.org","@graph":[{"@type":"WebPage","@id":"https:\/\/tablaoflamencoalma.com\/politica-privacidad\/","url":"https:\/\/tablaoflamencoalma.com\/politica-privacidad\/","name":"Datenschutzerkl\u00e4rung \u2013 Tablao Flamenco Alma","isPartOf":{"@id":"https:\/\/tablaoflamencoalma.com\/#website"},"datePublished":"2024-01-23T08:10:24+00:00","dateModified":"2024-02-19T19:46:32+00:00","breadcrumb":{"@id":"https:\/\/tablaoflamencoalma.com\/politica-privacidad\/#breadcrumb"},"inLanguage":"de","potentialAction":[{"@type":"ReadAction","target":["https:\/\/tablaoflamencoalma.com\/politica-privacidad\/"]}]},{"@type":"BreadcrumbList","@id":"https:\/\/tablaoflamencoalma.com\/politica-privacidad\/#breadcrumb","itemListElement":[{"@type":"ListItem","position":1,"name":"Portada","item":"https:\/\/tablaoflamencoalma.com\/"},{"@type":"ListItem","position":2,"name":"Pol\u00edtica de privacidad"}]},{"@type":"WebSite","@id":"https:\/\/tablaoflamencoalma.com\/#website","url":"https:\/\/tablaoflamencoalma.com\/","name":"Flamenco-Lokal \u201eAlma\u201c","description":"Flamenco-Lokal \u201eAlma\u201c","publisher":{"@id":"https:\/\/tablaoflamencoalma.com\/#organization"},"potentialAction":[{"@type":"SearchAction","target":{"@type":"EntryPoint","urlTemplate":"https:\/\/tablaoflamencoalma.com\/?s={search_term_string}"},"query-input":{"@type":"PropertyValueSpecification","valueRequired":true,"valueName":"search_term_string"}}],"inLanguage":"de"},{"@type":"Organization","@id":"https:\/\/tablaoflamencoalma.com\/#organization","name":"Flamenco-Lokal \u201eAlma\u201c","url":"https:\/\/tablaoflamencoalma.com\/","logo":{"@type":"ImageObject","inLanguage":"de","@id":"https:\/\/tablaoflamencoalma.com\/#\/schema\/logo\/image\/","url":"https:\/\/tablaoflamencoalma.com\/wp-content\/uploads\/2024\/01\/cropped-tablao-flamenco-alma-01-04.png","contentUrl":"https:\/\/tablaoflamencoalma.com\/wp-content\/uploads\/2024\/01\/cropped-tablao-flamenco-alma-01-04.png","width":512,"height":512,"caption":"Tablao Flamenco Alma"},"image":{"@id":"https:\/\/tablaoflamencoalma.com\/#\/schema\/logo\/image\/"},"sameAs":["https:\/\/www.facebook.com\/tablaoflamencoalma","https:\/\/www.instagram.com\/tablaoflamencoalma"]}]}},"_links":{"self":[{"href":"https:\/\/tablaoflamencoalma.com\/de\/wp-json\/wp\/v2\/pages\/2940","targetHints":{"allow":["GET"]}}],"collection":[{"href":"https:\/\/tablaoflamencoalma.com\/de\/wp-json\/wp\/v2\/pages"}],"about":[{"href":"https:\/\/tablaoflamencoalma.com\/de\/wp-json\/wp\/v2\/types\/page"}],"author":[{"embeddable":true,"href":"https:\/\/tablaoflamencoalma.com\/de\/wp-json\/wp\/v2\/users\/1"}],"replies":[{"embeddable":true,"href":"https:\/\/tablaoflamencoalma.com\/de\/wp-json\/wp\/v2\/comments?post=2940"}],"version-history":[{"count":7,"href":"https:\/\/tablaoflamencoalma.com\/de\/wp-json\/wp\/v2\/pages\/2940\/revisions"}],"predecessor-version":[{"id":3064,"href":"https:\/\/tablaoflamencoalma.com\/de\/wp-json\/wp\/v2\/pages\/2940\/revisions\/3064"}],"wp:attachment":[{"href":"https:\/\/tablaoflamencoalma.com\/de\/wp-json\/wp\/v2\/media?parent=2940"}],"curies":[{"name":"wp","href":"https:\/\/api.w.org\/{rel}","templated":true}]}}